{"id":10712,"date":"2020-11-10T18:34:00","date_gmt":"2020-11-10T17:34:00","guid":{"rendered":"http:\/\/www.busches-kochwerkstatt.de\/?page_id=10712"},"modified":"2026-04-20T09:28:16","modified_gmt":"2026-04-20T07:28:16","slug":"home","status":"publish","type":"page","link":"https:\/\/www.busches-kochwerkstatt.de\/","title":{"rendered":"Home"},"content":{"rendered":"<p>[et_pb_section fb_built=&#8220;1&#8243; admin_label=&#8220;Header Section&#8220; _builder_version=&#8220;4.19.4&#8243; background_color=&#8220;#000000&#8243; background_image=&#8220;https:\/\/www.busches-kochwerkstatt.de\/wp-content\/uploads\/2023\/01\/DSC_9214-HDR-2-scaled.jpg&#8220; custom_margin=&#8220;0px||&#8220; custom_padding=&#8220;0|0px|54px|0px|false|false&#8220; locked=&#8220;off&#8220; collapsed=&#8220;off&#8220; global_colors_info=&#8220;{}&#8220;][et_pb_row _builder_version=&#8220;4.16&#8243; _module_preset=&#8220;default&#8220; global_colors_info=&#8220;{}&#8220;][et_pb_column type=&#8220;4_4&#8243; _builder_version=&#8220;4.16&#8243; _module_preset=&#8220;default&#8220; global_colors_info=&#8220;{}&#8220;][et_pb_text content_tablet=&#8220;<\/p>\n<p style=%22text-align: center;%22><strong><\/strong><\/p>\n<p style=%22text-align: center;%22><strong>Herzlich willkommen<\/strong><\/p>\n<p style=%22text-align: center;%22><strong>in<\/strong><\/p>\n<p style=%22text-align: center;%22><strong>Busche\u00b4s Koch- &#038; Genusswerkstatt<\/strong><\/p>\n<p style=%22text-align: center;%22><strong><\/strong><\/p>\n<p style=%22text-align: center;%22><strong>Restaurant und Event-Location<\/strong><\/p>\n<p style=%22text-align: center;%22><strong>Seit mehr als 15 Jahren<\/strong><\/p>\n<p style=%22text-align: center;%22><strong>famili\u00e4re Gastlichkeit<\/strong><\/p>\n<p style=%22text-align: center;%22><strong><\/strong><\/p>\n<p>&#8220; content_phone=&#8220;<\/p>\n<p style=%22text-align: center;%22><strong><\/strong><\/p>\n<p style=%22text-align: center;%22><strong>Herzlich willkommen<\/strong><\/p>\n<p style=%22text-align: center;%22><strong>in<\/strong><\/p>\n<p style=%22text-align: center;%22><strong>Busche\u00b4s Koch- &#038; Genusswerkstatt<\/strong><\/p>\n<p style=%22text-align: center;%22><strong><\/strong><\/p>\n<p style=%22text-align: center;%22><strong>Restaurant und Event-Location<\/strong><\/p>\n<p style=%22text-align: center;%22><strong>Seit mehr als 15 Jahren<\/strong><\/p>\n<p style=%22text-align: center;%22><strong>famili\u00e4re Gastlichkeit<\/strong><\/p>\n<p style=%22text-align: center;%22><strong><\/strong><\/p>\n<p>&#8220; content_last_edited=&#8220;on|desktop&#8220; _builder_version=&#8220;4.21.0&#8243; _module_preset=&#8220;default&#8220; text_font=&#8220;EB Garamond|700|||||||&#8220; text_text_color=&#8220;#FFFFFF&#8220; text_font_size=&#8220;40px&#8220; header_font_size=&#8220;58px&#8220; text_font_size_tablet=&#8220;30px&#8220; text_font_size_phone=&#8220;24px&#8220; text_font_size_last_edited=&#8220;on|phone&#8220; text_text_shadow_style=&#8220;preset5&#8243; global_colors_info=&#8220;{}&#8220;]<\/p>\n<p style=\"text-align: center;\"><strong><\/strong><\/p>\n<p style=\"text-align: center;\"><strong>Herzlich willkommen<\/strong><\/p>\n<p style=\"text-align: center;\"><strong>in<\/strong><\/p>\n<p style=\"text-align: center;\"><strong>Busche\u00b4s Koch- &amp; Genusswerkstatt<\/strong><\/p>\n<p style=\"text-align: center;\"><strong><\/strong><\/p>\n<p style=\"text-align: center;\"><strong>Restaurant und Event-Location<\/strong><\/p>\n<p style=\"text-align: center;\"><strong>Seit mehr als 15 Jahren<\/strong><\/p>\n<p style=\"text-align: center;\"><strong>famili\u00e4re Gastlichkeit<\/strong><\/p>\n<p style=\"text-align: center;\"><strong><\/strong><\/p>\n<p>[\/et_pb_text][\/et_pb_column][\/et_pb_row][et_pb_row column_structure=&#8220;1_4,1_4,1_4,1_4&#8243; use_custom_gutter=&#8220;on&#8220; gutter_width=&#8220;1&#8243; module_id=&#8220;restaurant_header&#8220; _builder_version=&#8220;4.16&#8243; width=&#8220;100%&#8220; max_width=&#8220;100%&#8220; use_custom_width=&#8220;on&#8220; width_unit=&#8220;off&#8220; custom_width_percent=&#8220;100%&#8220; global_colors_info=&#8220;{}&#8220;][et_pb_column type=&#8220;1_4&#8243; _builder_version=&#8220;4.16&#8243; custom_padding=&#8220;|||&#8220; global_colors_info=&#8220;{}&#8220; custom_padding__hover=&#8220;|||&#8220;][et_pb_button button_url=&#8220;https:\/\/www.busches-kochwerkstatt.de\/#reservierungen&#8220; button_text=&#8220;Reservierungen&#8220; button_alignment=&#8220;center&#8220; admin_label=&#8220;Button-Reservierungen&#8220; _builder_version=&#8220;4.21.0&#8243; _module_preset=&#8220;default&#8220; custom_button=&#8220;on&#8220; button_bg_color=&#8220;#FFFFFF&#8220; button_border_width=&#8220;3px&#8220; button_letter_spacing=&#8220;2px&#8220; button_font=&#8220;EB Garamond||||||||&#8220; button_use_icon=&#8220;off&#8220; filter_opacity=&#8220;75%&#8220; global_colors_info=&#8220;{}&#8220; button_text_color__hover_enabled=&#8220;on|hover&#8220; button_text_color__hover=&#8220;#FFFFFF&#8220; button_bg_color__hover_enabled=&#8220;on|desktop&#8220; button_bg_color__hover=&#8220;#7b022f&#8220; button_bg_enable_color__hover=&#8220;on&#8220; button_border_color__hover_enabled=&#8220;on|hover&#8220; button_border_color__hover=&#8220;#7b022f&#8220; button_text_size__hover_enabled=&#8220;on|desktop&#8220;][\/et_pb_button][\/et_pb_column][et_pb_column type=&#8220;1_4&#8243; _builder_version=&#8220;4.16&#8243; _module_preset=&#8220;default&#8220; global_colors_info=&#8220;{}&#8220;][et_pb_button button_url=&#8220;https:\/\/www.busches-kochwerkstatt.de\/#speisenkarte&#8220; button_text=&#8220;Speisenkarte&#8220; button_alignment=&#8220;center&#8220; admin_label=&#8220;Button-Speisenkarte&#8220; _builder_version=&#8220;4.21.0&#8243; _module_preset=&#8220;default&#8220; custom_button=&#8220;on&#8220; button_bg_color=&#8220;#FFFFFF&#8220; button_border_width=&#8220;3px&#8220; button_letter_spacing=&#8220;2px&#8220; button_font=&#8220;EB Garamond||||||||&#8220; button_use_icon=&#8220;off&#8220; filter_opacity=&#8220;75%&#8220; global_colors_info=&#8220;{}&#8220; button_bg_color__hover=&#8220;#7b022f&#8220; button_bg_color__hover_enabled=&#8220;on|desktop&#8220; button_text_color__hover=&#8220;#FFFFFF&#8220; button_text_color__hover_enabled=&#8220;on|hover&#8220; button_border_color__hover=&#8220;#7b022f&#8220; button_border_color__hover_enabled=&#8220;on|hover&#8220; button_text_size__hover_enabled=&#8220;on|desktop&#8220;][\/et_pb_button][\/et_pb_column][et_pb_column type=&#8220;1_4&#8243; _builder_version=&#8220;4.16&#8243; custom_padding=&#8220;|||&#8220; global_colors_info=&#8220;{}&#8220; custom_padding__hover=&#8220;|||&#8220;][et_pb_button button_url=&#8220;https:\/\/www.busches-kochwerkstatt.de\/#ostern&#8220; button_text=&#8220;Muttertag&#8220; button_alignment=&#8220;center&#8220; admin_label=&#8220;Button-Sonntagsmen\u00fc&#8220; _builder_version=&#8220;4.27.6&#8243; _module_preset=&#8220;default&#8220; custom_button=&#8220;on&#8220; button_bg_color=&#8220;#FFFFFF&#8220; button_border_width=&#8220;3px&#8220; button_letter_spacing=&#8220;2px&#8220; button_font=&#8220;EB Garamond||||||||&#8220; button_use_icon=&#8220;off&#8220; filter_opacity=&#8220;75%&#8220; hover_enabled=&#8220;0&#8243; global_colors_info=&#8220;{}&#8220; button_bg_color__hover=&#8220;#7b022f&#8220; button_bg_color__hover_enabled=&#8220;on|desktop&#8220; button_text_color__hover=&#8220;#FFFFFF&#8220; button_text_color__hover_enabled=&#8220;on|hover&#8220; button_border_color__hover=&#8220;#7b022f&#8220; button_border_color__hover_enabled=&#8220;on|hover&#8220; button_text_size__hover_enabled=&#8220;on|desktop&#8220; sticky_enabled=&#8220;0&#8243;][\/et_pb_button][\/et_pb_column][et_pb_column type=&#8220;1_4&#8243; _builder_version=&#8220;4.16&#8243; custom_padding=&#8220;|||&#8220; global_colors_info=&#8220;{}&#8220; custom_padding__hover=&#8220;|||&#8220;][et_pb_button button_url=&#8220;https:\/\/www.busches-kochwerkstatt.de\/#ostern&#8220; button_text=&#8220;Aktuell&#8220; button_alignment=&#8220;center&#8220; disabled_on=&#8220;off|off|off&#8220; admin_label=&#8220;Button-Saisonevent&#8220; _builder_version=&#8220;4.27.6&#8243; _module_preset=&#8220;default&#8220; custom_button=&#8220;on&#8220; button_bg_color=&#8220;#FFFFFF&#8220; button_border_width=&#8220;3px&#8220; button_letter_spacing=&#8220;2px&#8220; button_font=&#8220;EB Garamond||||||||&#8220; button_use_icon=&#8220;off&#8220; filter_opacity=&#8220;75%&#8220; hover_enabled=&#8220;0&#8243; global_colors_info=&#8220;{}&#8220; button_bg_color__hover=&#8220;#7b022f&#8220; button_bg_color__hover_enabled=&#8220;on|desktop&#8220; button_text_color__hover=&#8220;#FFFFFF&#8220; button_text_color__hover_enabled=&#8220;on|hover&#8220; button_border_color__hover=&#8220;#7b022f&#8220; button_border_color__hover_enabled=&#8220;on|hover&#8220; button_text_size__hover_enabled=&#8220;on|desktop&#8220; sticky_enabled=&#8220;0&#8243;][\/et_pb_button][\/et_pb_column][\/et_pb_row][\/et_pb_section][et_pb_section fb_built=&#8220;1&#8243; fullwidth=&#8220;on&#8220; _builder_version=&#8220;4.19.4&#8243; _module_preset=&#8220;default&#8220; background_enable_color=&#8220;off&#8220; background_enable_image=&#8220;off&#8220; background_enable_mask_style=&#8220;on&#8220; global_colors_info=&#8220;{}&#8220;][et_pb_fullwidth_header title=&#8220;Was erwartet Sie&#8230;..?&#8220; subhead=&#8220;_____________________________&#8220; text_orientation=&#8220;center&#8220; _builder_version=&#8220;4.21.0&#8243; _module_preset=&#8220;default&#8220; title_font=&#8220;EB Garamond|600|||||||&#8220; title_text_color=&#8220;#7b022f&#8220; title_font_size=&#8220;45px&#8220; subhead_text_color=&#8220;#7b022f&#8220; background_color=&#8220;#FFFFFF&#8220; custom_padding=&#8220;19px||0px|||&#8220; animation_style=&#8220;zoom&#8220; animation_duration=&#8220;1300ms&#8220; animation_delay=&#8220;750ms&#8220; animation_starting_opacity=&#8220;1%&#8220; title_font_size_tablet=&#8220;45px&#8220; title_font_size_phone=&#8220;27px&#8220; title_font_size_last_edited=&#8220;on|phone&#8220; global_colors_info=&#8220;{}&#8220;][\/et_pb_fullwidth_header][\/et_pb_section][et_pb_section fb_built=&#8220;1&#8243; disabled_on=&#8220;off|off|off&#8220; admin_label=&#8220;Welcome Section&#8220; module_id=&#8220;restaurant&#8220; _builder_version=&#8220;4.19.4&#8243; background_enable_image=&#8220;off&#8220; custom_margin=&#8220;||40px|||&#8220; custom_margin_tablet=&#8220;||0px&#8220; custom_margin_phone=&#8220;&#8220; custom_margin_last_edited=&#8220;on|desktop&#8220; custom_padding=&#8220;41px|0px|49px|0px|false|false&#8220; locked=&#8220;off&#8220; global_colors_info=&#8220;{}&#8220;][et_pb_row column_structure=&#8220;1_2,1_2&#8243; use_custom_gutter=&#8220;on&#8220; gutter_width=&#8220;1&#8243; module_id=&#8220;restaurant-about&#8220; _builder_version=&#8220;4.18.0&#8243; background_enable_image=&#8220;off&#8220; max_width=&#8220;1440px&#8220; custom_padding=&#8220;0px||0px||false|false&#8220; animation_style=&#8220;fade&#8220; box_shadow_style=&#8220;preset1&#8243; use_custom_width=&#8220;on&#8220; custom_width_px=&#8220;1440px&#8220; global_colors_info=&#8220;{}&#8220;][et_pb_column type=&#8220;1_2&#8243; _builder_version=&#8220;4.16&#8243; background_enable_image=&#8220;off&#8220; custom_padding=&#8220;|||&#8220; global_colors_info=&#8220;{}&#8220; custom_padding__hover=&#8220;|||&#8220;][et_pb_image src=&#8220;https:\/\/www.busches-kochwerkstatt.de\/wp-content\/uploads\/2023\/01\/DSC_9149-HDR-2-scaled.jpg&#8220; title_text=&#8220;DSC_9149-HDR-2&#8243; align=&#8220;center&#8220; force_fullwidth=&#8220;on&#8220; disabled_on=&#8220;off|off|off&#8220; _builder_version=&#8220;4.21.0&#8243; _module_preset=&#8220;default&#8220; animation_style=&#8220;zoom&#8220; animation_delay=&#8220;1050ms&#8220; animation_intensity_zoom=&#8220;1%&#8220; global_colors_info=&#8220;{}&#8220;][\/et_pb_image][\/et_pb_column][et_pb_column type=&#8220;1_2&#8243; _builder_version=&#8220;4.16&#8243; _module_preset=&#8220;default&#8220; global_colors_info=&#8220;{}&#8220;][et_pb_text _builder_version=&#8220;4.19.4&#8243; text_font=&#8220;||||||||&#8220; text_text_color=&#8220;#7B022F&#8220; header_font=&#8220;||||||||&#8220; header_text_align=&#8220;center&#8220; header_2_font=&#8220;EB Garamond|600|||||||&#8220; header_2_text_align=&#8220;center&#8220; header_2_text_color=&#8220;#7B022F&#8220; header_2_letter_spacing=&#8220;1px&#8220; header_3_font=&#8220;||||||||&#8220; background_enable_image=&#8220;off&#8220; background_size=&#8220;initial&#8220; custom_padding=&#8220;0px|||||&#8220; global_colors_info=&#8220;{}&#8220;]<\/p>\n<h2><\/h2>\n<h2><\/h2>\n<h2><\/h2>\n<h2>Restaurant<\/h2>\n<p>[\/et_pb_text][et_pb_text _builder_version=&#8220;4.21.0&#8243; text_font=&#8220;||||||||&#8220; header_font=&#8220;||||||||&#8220; header_4_font=&#8220;EB Garamond||||||||&#8220; header_4_text_align=&#8220;center&#8220; header_4_text_color=&#8220;#000000&#8243; header_4_letter_spacing=&#8220;0.56px&#8220; header_4_line_height=&#8220;31px&#8220; max_width=&#8220;525px&#8220; module_alignment=&#8220;center&#8220; min_height=&#8220;291px&#8220; custom_padding=&#8220;0px||0px|||&#8220; filter_opacity=&#8220;89%&#8220; global_colors_info=&#8220;{}&#8220;]<\/p>\n<h4><\/h4>\n<h4>Solides ehrliches Koch-Handwerk, bodenst\u00e4ndig mit Schwerpunkt auf saisonal frische K\u00fcche. Unsere Leidenschaft sind klassische Schmorgerichte mit kr\u00e4ftigen dunklen Saucen, die wir mit viel Liebe f\u00fcr Sie zubereiten. Auch, wenn wir uns der Tradition verpflichtet f\u00fchlen, sind wir offen f\u00fcr Neues! Wir verw\u00f6hnen Sie darum auch mit mediterranen, vegetarischen oder Gerichten aus dem Smoker.<\/h4>\n<h4>Wir freuen uns auf Ihren Besuch!<\/h4>\n<h4>J\u00f6rg und Bettina Busche<\/h4>\n<p>[\/et_pb_text][\/et_pb_column][\/et_pb_row][\/et_pb_section][et_pb_section fb_built=&#8220;1&#8243; disabled_on=&#8220;off|off|off&#8220; admin_label=&#8220;Welcome Section&#8220; module_id=&#8220;festlichkeiten&#8220; _builder_version=&#8220;4.19.4&#8243; background_color=&#8220;#f9f7f8&#8243; background_enable_image=&#8220;off&#8220; custom_margin=&#8220;-51px||-50px|||&#8220; custom_margin_tablet=&#8220;||0px&#8220; custom_margin_phone=&#8220;&#8220; custom_margin_last_edited=&#8220;on|desktop&#8220; custom_padding=&#8220;75px|0px|99px|0px|false|false&#8220; locked=&#8220;off&#8220; global_colors_info=&#8220;{}&#8220;][et_pb_row column_structure=&#8220;1_2,1_2&#8243; use_custom_gutter=&#8220;on&#8220; gutter_width=&#8220;1&#8243; _builder_version=&#8220;4.18.0&#8243; background_color=&#8220;#FFFFFF&#8220; background_enable_image=&#8220;off&#8220; max_width=&#8220;1440px&#8220; custom_padding=&#8220;0px||0px||false|false&#8220; animation_style=&#8220;fade&#8220; box_shadow_style=&#8220;preset1&#8243; use_custom_width=&#8220;on&#8220; custom_width_px=&#8220;1440px&#8220; global_colors_info=&#8220;{}&#8220;][et_pb_column type=&#8220;1_2&#8243; _builder_version=&#8220;4.16&#8243; background_enable_image=&#8220;off&#8220; custom_padding=&#8220;|||&#8220; global_colors_info=&#8220;{}&#8220; custom_padding__hover=&#8220;|||&#8220;][et_pb_text _builder_version=&#8220;4.19.4&#8243; text_font=&#8220;||||||||&#8220; text_text_color=&#8220;#7B022F&#8220; header_font=&#8220;||||||||&#8220; header_text_align=&#8220;center&#8220; header_2_font=&#8220;EB Garamond|600|||||||&#8220; header_2_text_align=&#8220;center&#8220; header_2_text_color=&#8220;#7B022F&#8220; header_2_letter_spacing=&#8220;1px&#8220; header_3_font=&#8220;||||||||&#8220; background_enable_image=&#8220;off&#8220; background_size=&#8220;initial&#8220; custom_padding=&#8220;||&#8220; global_colors_info=&#8220;{}&#8220;]<\/p>\n<h2><\/h2>\n<h2><\/h2>\n<h2><\/h2>\n<h2><\/h2>\n<h2><\/h2>\n<h2>Festlichkeiten<\/h2>\n<p>[\/et_pb_text][et_pb_text _builder_version=&#8220;4.21.0&#8243; text_font=&#8220;||||||||&#8220; header_font=&#8220;||||||||&#8220; header_4_font=&#8220;EB Garamond||||||||&#8220; header_4_text_align=&#8220;center&#8220; header_4_text_color=&#8220;#000000&#8243; header_4_letter_spacing=&#8220;0.56px&#8220; header_4_line_height=&#8220;31px&#8220; max_width=&#8220;525px&#8220; module_alignment=&#8220;center&#8220; custom_padding=&#8220;0px||24px|||&#8220; filter_opacity=&#8220;89%&#8220; global_colors_info=&#8220;{}&#8220;]<\/p>\n<h4><\/h4>\n<h4><\/h4>\n<h4>Ob private Feier, exklusive Buchung, Hochzeit oder Betriebsfeier. Ihre Festlichkeit\/Veranstaltung kreieren und oraganisieren wir gemeinsam mit Ihnen mit viel Liebe zum Detail. Beginnend mit einem spritzigen Aperitif-Cocktail, dem festlich gedecktem Tisch und nicht zuletzt dem genussvollen Men\u00fc. Ob gewohnt klassisch oder besonders.<\/h4>\n<h4>Rufen Sie uns an und wir vereinbaren gern einen Ersttermin um pers\u00f6nlich mit Ihnen zu sprechen und Ihnen dann ein unverbindliches Angebot zu unterbreiten.<\/h4>\n<p>[\/et_pb_text][\/et_pb_column][et_pb_column type=&#8220;1_2&#8243; _builder_version=&#8220;4.16&#8243; _module_preset=&#8220;default&#8220; global_colors_info=&#8220;{}&#8220;][et_pb_image src=&#8220;https:\/\/www.busches-kochwerkstatt.de\/wp-content\/uploads\/2023\/01\/DSC_8962-2-scaled.jpg&#8220; title_text=&#8220;DSC_8962-2&#8243; disabled_on=&#8220;off|off|off&#8220; _builder_version=&#8220;4.19.4&#8243; _module_preset=&#8220;default&#8220; animation_direction=&#8220;left&#8220; global_colors_info=&#8220;{}&#8220;][\/et_pb_image][\/et_pb_column][\/et_pb_row][\/et_pb_section][et_pb_section fb_built=&#8220;1&#8243; disabled_on=&#8220;off|off|off&#8220; admin_label=&#8220;Welcome Section&#8220; module_id=&#8220;kochevents&#8220; _builder_version=&#8220;4.19.4&#8243; custom_margin=&#8220;24px||63px|||&#8220; custom_margin_tablet=&#8220;||0px&#8220; custom_margin_phone=&#8220;&#8220; custom_margin_last_edited=&#8220;on|desktop&#8220; custom_padding=&#8220;56px|0px|43px|0px|false|false&#8220; locked=&#8220;off&#8220; global_colors_info=&#8220;{}&#8220;][et_pb_row column_structure=&#8220;1_2,1_2&#8243; use_custom_gutter=&#8220;on&#8220; gutter_width=&#8220;1&#8243; _builder_version=&#8220;4.16&#8243; background_enable_image=&#8220;off&#8220; max_width=&#8220;1440px&#8220; custom_padding=&#8220;0px||0px||false|false&#8220; animation_style=&#8220;fade&#8220; box_shadow_style=&#8220;preset1&#8243; use_custom_width=&#8220;on&#8220; custom_width_px=&#8220;1440px&#8220; global_colors_info=&#8220;{}&#8220;][et_pb_column type=&#8220;1_2&#8243; _builder_version=&#8220;4.16&#8243; background_enable_image=&#8220;off&#8220; custom_padding=&#8220;|||&#8220; global_colors_info=&#8220;{}&#8220; custom_padding__hover=&#8220;|||&#8220;][et_pb_image src=&#8220;https:\/\/www.busches-kochwerkstatt.de\/wp-content\/uploads\/2023\/01\/DSC_9074-2-scaled.jpg&#8220; title_text=&#8220;DSC_9074-2&#8243; disabled_on=&#8220;off|off|off&#8220; _builder_version=&#8220;4.19.4&#8243; _module_preset=&#8220;default&#8220; animation_direction=&#8220;left&#8220; global_colors_info=&#8220;{}&#8220;][\/et_pb_image][\/et_pb_column][et_pb_column type=&#8220;1_2&#8243; _builder_version=&#8220;4.16&#8243; _module_preset=&#8220;default&#8220; global_colors_info=&#8220;{}&#8220;][et_pb_text _builder_version=&#8220;4.19.4&#8243; text_font=&#8220;||||||||&#8220; text_text_color=&#8220;#7B022F&#8220; header_font=&#8220;||||||||&#8220; header_text_align=&#8220;center&#8220; header_2_font=&#8220;EB Garamond|600|||||||&#8220; header_2_text_align=&#8220;center&#8220; header_2_text_color=&#8220;#7B022F&#8220; header_2_letter_spacing=&#8220;1px&#8220; header_3_font=&#8220;||||||||&#8220; background_enable_image=&#8220;off&#8220; background_size=&#8220;initial&#8220; custom_padding=&#8220;0px|||||&#8220; global_colors_info=&#8220;{}&#8220;]<\/p>\n<h2><\/h2>\n<h2><\/h2>\n<h2><\/h2>\n<h2><\/h2>\n<h2><\/h2>\n<h2>Koch-Events ab min. 12 Personen<\/h2>\n<p>[\/et_pb_text][et_pb_text _builder_version=&#8220;4.21.0&#8243; text_font=&#8220;||||||||&#8220; header_font=&#8220;||||||||&#8220; header_4_font=&#8220;EB Garamond||||||||&#8220; header_4_text_align=&#8220;center&#8220; header_4_text_color=&#8220;#000000&#8243; header_4_letter_spacing=&#8220;0.56px&#8220; header_4_line_height=&#8220;31px&#8220; max_width=&#8220;525px&#8220; module_alignment=&#8220;center&#8220; custom_padding=&#8220;14px||4px|||&#8220; filter_opacity=&#8220;89%&#8220; global_colors_info=&#8220;{}&#8220;]<\/p>\n<h4><\/h4>\n<h4>Sie m\u00f6chten mit Ihren G\u00e4sten einen besonderen Abend verbringen, dann kommen Sie mit in unsere K\u00fcche und gemeinsam mit Ihnen und Ihren G\u00e4sten kochen wir ein mehrg\u00e4ngiges Men\u00fc.<\/h4>\n<h4>Ob als Teambuilding-Ma\u00dfnahme oder in privater Runde als Geburtstagfeier \/ Weihnachtsfeier.<\/h4>\n<h4>Wir freuen uns auf Ihre Anfragen und arbeiten Ihnen gern individuelle Vorschl\u00e4ge aus.<\/h4>\n<h4><\/h4>\n<p>[\/et_pb_text][\/et_pb_column][\/et_pb_row][\/et_pb_section][et_pb_section fb_built=&#8220;1&#8243; disabled_on=&#8220;off|off|off&#8220; admin_label=&#8220;kuechenparty Section&#8220; module_id=&#8220;kuechenparty&#8220; _builder_version=&#8220;4.21.0&#8243; background_color=&#8220;#f9f7f8&#8243; background_enable_image=&#8220;off&#8220; custom_margin=&#8220;-51px||-50px|||&#8220; custom_margin_tablet=&#8220;||0px&#8220; custom_margin_phone=&#8220;&#8220; custom_margin_last_edited=&#8220;on|desktop&#8220; custom_padding=&#8220;75px|0px|99px|0px|false|false&#8220; locked=&#8220;off&#8220; global_colors_info=&#8220;{}&#8220;][et_pb_row column_structure=&#8220;1_2,1_2&#8243; use_custom_gutter=&#8220;on&#8220; gutter_width=&#8220;1&#8243; _builder_version=&#8220;4.18.0&#8243; background_color=&#8220;#FFFFFF&#8220; background_enable_image=&#8220;off&#8220; max_width=&#8220;1440px&#8220; custom_padding=&#8220;0px||0px||false|false&#8220; animation_style=&#8220;fade&#8220; box_shadow_style=&#8220;preset1&#8243; use_custom_width=&#8220;on&#8220; custom_width_px=&#8220;1440px&#8220; global_colors_info=&#8220;{}&#8220;][et_pb_column type=&#8220;1_2&#8243; _builder_version=&#8220;4.16&#8243; background_enable_image=&#8220;off&#8220; custom_padding=&#8220;|||&#8220; global_colors_info=&#8220;{}&#8220; custom_padding__hover=&#8220;|||&#8220;][et_pb_text _builder_version=&#8220;4.19.4&#8243; text_font=&#8220;||||||||&#8220; text_text_color=&#8220;#7B022F&#8220; header_font=&#8220;||||||||&#8220; header_text_align=&#8220;center&#8220; header_2_font=&#8220;EB Garamond|600|||||||&#8220; header_2_text_align=&#8220;center&#8220; header_2_text_color=&#8220;#7B022F&#8220; header_2_letter_spacing=&#8220;1px&#8220; header_3_font=&#8220;||||||||&#8220; background_enable_image=&#8220;off&#8220; background_size=&#8220;initial&#8220; custom_padding=&#8220;||&#8220; global_colors_info=&#8220;{}&#8220;]<\/p>\n<h2><\/h2>\n<h2><\/h2>\n<h2><\/h2>\n<h2><\/h2>\n<h2><\/h2>\n<h2>K\u00fcchenparty ab min. 25 Personen<\/h2>\n<p>[\/et_pb_text][et_pb_text _builder_version=&#8220;4.21.0&#8243; text_font=&#8220;||||||||&#8220; header_font=&#8220;||||||||&#8220; header_4_font=&#8220;EB Garamond||||||||&#8220; header_4_text_align=&#8220;center&#8220; header_4_text_color=&#8220;#000000&#8243; header_4_letter_spacing=&#8220;0.56px&#8220; header_4_line_height=&#8220;31px&#8220; max_width=&#8220;525px&#8220; module_alignment=&#8220;center&#8220; custom_padding=&#8220;0px||24px|||&#8220; filter_opacity=&#8220;89%&#8220; global_colors_info=&#8220;{}&#8220;]<\/p>\n<h4><\/h4>\n<h4><\/h4>\n<h4 style=\"text-align: center;\">Eine Party in unserer K\u00fcche &#8211; die etwas andere Location f\u00fcr Ihre Festlichkeit! Ob gewohnt klassisch oder besonders. Das Men\u00fc f\u00fcr sie und Ihre G\u00e4ste kochen und servieren wir. Ihre G\u00e4ste k\u00f6nnen aktiv in Kochaktionen eingebunden werden, die zwischen den Men\u00fc-G\u00e4ngen stattfinden. Einfach mal anders feiern. Ein Abend der sicher einen bleibenden Eindruck bei Ihren G\u00e4sten hinterl\u00e4sst.<br \/>Rufen Sie uns einfach an und wir arbeiten Ihnen gern ein unverbindliches Angebot aus.<\/h4>\n<p>[\/et_pb_text][\/et_pb_column][et_pb_column type=&#8220;1_2&#8243; _builder_version=&#8220;4.16&#8243; _module_preset=&#8220;default&#8220; global_colors_info=&#8220;{}&#8220;][et_pb_image src=&#8220;https:\/\/www.busches-kochwerkstatt.de\/wp-content\/uploads\/2023\/01\/DSC_9100-2-scaled.jpg&#8220; title_text=&#8220;DSC_9100-2&#8243; disabled_on=&#8220;off|off|off&#8220; _builder_version=&#8220;4.21.0&#8243; _module_preset=&#8220;default&#8220; animation_direction=&#8220;left&#8220; global_colors_info=&#8220;{}&#8220;][\/et_pb_image][\/et_pb_column][\/et_pb_row][\/et_pb_section][et_pb_section fb_built=&#8220;1&#8243; disabled_on=&#8220;off|off|off&#8220; module_id=&#8220;speisenkarte&#8220; _builder_version=&#8220;4.19.4&#8243; _module_preset=&#8220;default&#8220; global_colors_info=&#8220;{}&#8220;][et_pb_row use_custom_gutter=&#8220;on&#8220; gutter_width=&#8220;1&#8243; module_id=&#8220;restaurant&#8220; _builder_version=&#8220;4.21.0&#8243; _module_preset=&#8220;default&#8220; background_image=&#8220;https:\/\/www.busches-kochwerkstatt.de\/wp-content\/uploads\/2023\/01\/DSC_8950-2-scaled.jpg&#8220; background_enable_mask_style=&#8220;on&#8220; background_mask_style=&#8220;triangles&#8220; max_width=&#8220;1440px&#8220; custom_padding=&#8220;0px||0px||false|false&#8220; animation_style=&#8220;fade&#8220; background_last_edited=&#8220;on|phone&#8220; background_enable_image_phone=&#8220;off&#8220; background_enable_mask_style_phone=&#8220;off&#8220; box_shadow_style=&#8220;preset1&#8243; global_colors_info=&#8220;{}&#8220;][et_pb_column type=&#8220;4_4&#8243; _builder_version=&#8220;4.21.0&#8243; _module_preset=&#8220;default&#8220; global_colors_info=&#8220;{}&#8220;][et_pb_text module_id=&#8220;Speisenkarte&#8220; _builder_version=&#8220;4.21.0&#8243; _module_preset=&#8220;default&#8220; text_font=&#8220;EB Garamond|600|||||||&#8220; text_text_color=&#8220;#000000&#8243; text_font_size=&#8220;16px&#8220; header_font=&#8220;EB Garamond|700|||||||&#8220; header_text_color=&#8220;#7b022f&#8220; header_font_size=&#8220;45px&#8220; custom_padding=&#8220;|||1px||&#8220; header_font_size_tablet=&#8220;45px&#8220; header_font_size_phone=&#8220;40px&#8220; header_font_size_last_edited=&#8220;on|phone&#8220; inline_fonts=&#8220;Verdana,Abyssinica SIL&#8220; global_colors_info=&#8220;{}&#8220;]<\/p>\n<p style=\"text-align: center;\"><strong><\/strong><\/p>\n<h1 style=\"text-align: center;\"><\/h1>\n<h1 style=\"text-align: center;\"><\/h1>\n<h1 style=\"text-align: center;\"><\/h1>\n<h1 style=\"text-align: center;\"><\/h1>\n<h1 style=\"text-align: center;\">Speisenkarte<\/h1>\n<h1 style=\"text-align: center;\">______<\/h1>\n<p>&nbsp;<\/p>\n<p style=\"text-align: center;\">VORSPEISEN<\/p>\n<p style=\"text-align: center;\">Eingelegte Sardinen und Tomatensalat <br \/>auf ger\u00f6steter Knoblauch- Bruschetta \u20ac 10,90<\/p>\n<p style=\"text-align: center;\">Marinierte Rote Bete und Schafsk\u00e4se<br \/>auf ger\u00f6steter Bruschetta und frischem Salat \u20ac 10,90<\/p>\n<p style=\"text-align: center;\">Gratiniertes Schneckenragout <br \/>mit feinen Gem\u00fcsew\u00fcrfeln,Sahne und Gorgonzola<br \/>auf knuspriger Bruschetta und Salat \u20ac 12,90<\/p>\n<p style=\"text-align: center;\">Knusprige Bl\u00e4tterteigtaschen<br \/>gef\u00fcllt mit gezupften Zitronenh\u00fchnchen \u20ac 6,90<\/p>\n<p style=\"text-align: center;\">\n<p style=\"text-align: center;\">\n<p style=\"text-align: center;\">SUPPEN<\/p>\n<p style=\"text-align: center;\">Tomatencremesuppe (VEGI)<br \/>mit mediterranen Gem\u00fcsew\u00fcrfeln, Sahne, Schafsk\u00e4se und Basilikum <br \/>\u20ac 7,90<\/p>\n<p style=\"text-align: center;\">Westf\u00e4lische Hochzeitssuppe<br \/>mit Gem\u00fcse, Nudeln, Eierstich und Rindfleisch <br \/>\u20ac 7,90<\/p>\n<p style=\"text-align: center;\">H\u00fchnersuppe &#8222;klassisch&#8220;<br \/>mit Gem\u00fcse, Nudeln, Eierstich und H\u00fchnchen<br \/>\u20ac 7,90<\/p>\n<p style=\"text-align: center;\">Cremige Paprikasuppe<br \/>pikant w\u00fcrzig<br \/>mit Salsiccia, getrockneter Tomate, Bohnen und Gew\u00fcrz-Bruschetta \u20ac 8,50<\/p>\n<p>&nbsp;<\/p>\n<p style=\"text-align: center;\">\n<p style=\"text-align: center;\">\n<p style=\"text-align: center;\">HAUPTGERICHTE<\/p>\n<p style=\"text-align: center;\">Burrata (VEGI)<br \/>Frischk\u00e4se aus Apulien, mit einer cremigen F\u00fcllung aus Mozzarellaf\u00e4den und Sahne <br \/>sowie einem milden, leicht s\u00fc\u00dflichen Geschmack<br \/>auf S\u00fc\u00dfkartoffelgnocchis mit mediterranem Gem\u00fcse <br \/>Rukola und Tomaten<br \/>\u20ac 19,90<\/p>\n<p style=\"text-align: center;\">Pochierte H\u00fchnchenfilets <br \/>in Sahnesauce mit Weisswein und Kr\u00e4utern abgeschmeckt<br \/>an Fr\u00fchlingsgem\u00fcse und Kr\u00e4utergnocchis \u20ac 18,00<\/p>\n<p style=\"text-align: center;\">Geschnetzeltes vom Schweinefilet<br \/>in bunter Pfeffersauce<br \/>mit Sp\u00e4tzle und Fr\u00fchlingsgem\u00fcse \u20ac 19,00<\/p>\n<p style=\"text-align: center;\">\n<p style=\"text-align: center;\">Kaninchenr\u00fccken <br \/>gef\u00fcllt mit Aprikose, Walnu\u00df und frischen Kr\u00e4utern<br \/>in Paprika-Mascarponesauce <br \/>an S\u00fc\u00dfkaroffelgnocchis und mediterranem Gem\u00fcse \u20ac 23,50<\/p>\n<p style=\"text-align: center;\">\n<p style=\"text-align: center;\">Geschmorte B\u00e4ckchen vom Duroc<br \/>in einer kr\u00e4ftigen Marsalasauce mit Aromen von Thymian und Rosmarin<br \/>an Semmelkn\u00f6del mit getrockneter Tomaten und Kr\u00e4utern abgeschmeckt<br \/>dazu buntes Gem\u00fcse \u20ac 24,90<\/p>\n<p style=\"text-align: center;\">Hirschkalbsgulasch<br \/>in einer herzhaften Rotweinsauce <br \/>mit getrockneten Tomaten, Aprikose und Marone <br \/>an Semmelkn\u00f6del und Apfel-Rotkohl \u20ac 23,00<\/p>\n<p style=\"text-align: center;\">Toskanisches Ragout von der Ente<br \/>in einer feine Sauce mit etwas Rosmarin und Thymian<br \/>auf Pasta<br \/>dazu marinierte Rote Bete \u20ac 20,50<\/p>\n<p style=\"text-align: center;\">\n<p style=\"text-align: center;\">Sanft gegarter Kalbsbraten<br \/>in feinw\u00fcrziger Weissweinsauce<br \/>abgeschmeckt mit Kapern und frischen Kr\u00e4utern, verfeinert mit Sahne<br \/>an Kartoffelstampf und Fr\u00fchlingsgem\u00fcse \u20ac 23,50<\/p>\n<p style=\"text-align: center;\">\n<p style=\"text-align: center;\">Sanft geschmorter Rinderbraten vom Weiderind <br \/>in kr\u00e4ftiger Rotweinsauce mit Senf, Gurke, Speck und Schalotten<br \/>an buntem Gem\u00fcse und Kartoffelstampf mit R\u00f6stzwiebeln<br \/>\u20ac 24,90<\/p>\n<p style=\"text-align: center;\">\n<p style=\"text-align: center;\">\n<p style=\"text-align: center;\"><strong><\/strong><\/p>\n<p style=\"text-align: center;\"><strong><\/strong><\/p>\n<p style=\"text-align: center;\">\n<p style=\"text-align: center;\"><strong><\/strong><\/p>\n<p>[\/et_pb_text][\/et_pb_column][\/et_pb_row][\/et_pb_section][et_pb_section fb_built=&#8220;1&#8243; disabled_on=&#8220;on|on|on&#8220; module_id=&#8220;saison&#8220; _builder_version=&#8220;4.27.4&#8243; _module_preset=&#8220;default&#8220; disabled=&#8220;on&#8220; global_colors_info=&#8220;{}&#8220;][et_pb_row use_custom_gutter=&#8220;on&#8220; gutter_width=&#8220;1&#8243; module_id=&#8220;restaurant&#8220; _builder_version=&#8220;4.27.4&#8243; _module_preset=&#8220;default&#8220; background_enable_image=&#8220;off&#8220; background_enable_mask_style=&#8220;on&#8220; background_mask_style=&#8220;triangles&#8220; background_mask_transform=&#8220;flip_horizontal&#8220; max_width=&#8220;1440px&#8220; custom_margin=&#8220;|auto|-53px|auto||&#8220; custom_padding=&#8220;0px||0px||false|false&#8220; animation_style=&#8220;fade&#8220; box_shadow_style=&#8220;preset1&#8243; global_colors_info=&#8220;{}&#8220;][et_pb_column type=&#8220;4_4&#8243; _builder_version=&#8220;4.16&#8243; _module_preset=&#8220;default&#8220; global_colors_info=&#8220;{}&#8220;][et_pb_text disabled_on=&#8220;off|off|off&#8220; module_id=&#8220;Speisenkarte&#8220; _builder_version=&#8220;4.27.4&#8243; _module_preset=&#8220;default&#8220; text_font=&#8220;EB Garamond|600|||||||&#8220; text_text_color=&#8220;#000000&#8243; text_font_size=&#8220;16px&#8220; header_font=&#8220;EB Garamond|700|||||||&#8220; header_text_color=&#8220;#7b022f&#8220; header_font_size=&#8220;45px&#8220; header_3_font=&#8220;EB Garamond|600|||||||&#8220; header_3_text_color=&#8220;#7b022f&#8220; background_enable_color=&#8220;off&#8220; header_font_size_tablet=&#8220;45px&#8220; header_font_size_phone=&#8220;35px&#8220; header_font_size_last_edited=&#8220;on|phone&#8220; global_colors_info=&#8220;{}&#8220;]<\/p>\n<p>&nbsp;<\/p>\n<p style=\"text-align: center;\">\n<h3 style=\"text-align: center;\"><span style=\"font-size: xx-large;\">Weihnachten 25<\/span><\/h3>\n<p>&nbsp;<\/p>\n<h1 style=\"text-align: center;\"><\/h1>\n<h1 style=\"text-align: center;\"><span style=\"font-size: x-large; color: #000000;\"><strong>am 1. und 2. Weihnachtstag jeweils mittags um 12.00 Uhr<\/strong><\/span><\/h1>\n<p style=\"text-align: center;\"><span style=\"font-size: x-large;\"><strong>servieren wir 4 G\u00e4nge:<br \/>unter dem Motto:<\/strong><\/span><span style=\"font-size: x-large;\"><strong><\/strong><\/span><\/p>\n<p style=\"text-align: center;\"><span style=\"font-size: x-large; color: #770d1e;\"><strong>&#8222;Die italienische Art Weihnachten zu genie\u00dfen&#8220;<\/strong><\/span><\/p>\n<p style=\"text-align: center;\">\n<p style=\"text-align: center;\"><span style=\"font-size: large;\">Unsere Men\u00fcs:<\/span><\/p>\n<p style=\"text-align: center;\"><strong>Torta salata<\/strong> <br \/>mit getrockneten Tomaten <br \/>an ger\u00e4ucherter Entenbrust und kleinem Gem\u00fcsesalat<\/p>\n<p style=\"text-align: center;\">***<\/p>\n<p style=\"text-align: center;\">in Anlehnung an die traditionelle K\u00fcche Norditaliens servieren wir:<br \/><strong>Raviolo in Brodo<\/strong><br \/>gef\u00fcllter Ravioli in herzhafter Br\u00fche vom Rind<\/p>\n<p style=\"text-align: center;\">***<\/p>\n<p style=\"text-align: center;\">Hauptgerichte zur Wahl:<\/p>\n<p style=\"text-align: center;\"><strong>Geschmorte Keule von der Barberie-Ente<\/strong><br \/>in einer kr\u00e4ftigen Sauce <br \/>abgeschmeckt mit Orange, Sternarnis und Zimt<\/p>\n<p style=\"text-align: center;\">oder<\/p>\n<p style=\"text-align: center;\"><strong>Kaninchenr\u00fccken<\/strong> <br \/>gef\u00fcllt mit Aprikose, Walnu\u00df und frischen Kr\u00e4utern<br \/>auf Paprika-Mascarponesauce<\/p>\n<p style=\"text-align: center;\">oder<\/p>\n<p style=\"text-align: center;\"><strong>Sizilianische Rinderbrust vom US Beef<\/strong><br \/>auf dem Kr\u00e4uterbett in 48 Stunden sanft gegart<br \/>und in einer herzhaften, dunklen Sauce<br \/>mit Oliven, Salzzitrone und Tomaten serviert<\/p>\n<p style=\"text-align: center;\">oder<\/p>\n<p style=\"text-align: center;\"><strong>Brasato vom Hirsch<\/strong><br \/>Brasato wird klassischer Weise mehrere Tage in Valpolicella eingelgt,<br \/>au\u00dferdem geben wir Zimt, Piment, Wacholder, Apfel und Orange hinzu.<br \/>Serviert wird der geschmorte Hirschkalbsbraten mit kr\u00e4ftiger dunkler Rotweinsauce<\/p>\n<p style=\"text-align: center;\">zu allen Gerichten servieren wir :<br \/><strong>Pitta di Patate<\/strong> <br \/>ein traditionelles Ofengericht aus Apulien<br \/>Zwischen w\u00fcrzigem Kartoffelbrei mit einer knusprigen Kruste<br \/>versteckt sich eine herzhafte Gem\u00fcsef\u00fcllung<\/p>\n<p style=\"text-align: center;\">***<\/p>\n<p style=\"text-align: center;\"><strong>Crespelle mit Apfelf\u00fcllung<\/strong> <br \/>an schmelzigem Vanilleparfait und Orangenmousse<\/p>\n<p style=\"text-align: center;\">\n<p style=\"text-align: center;\">Men\u00fc Kaninchen\/Ente \u20ac 46,00<br \/>Men\u00fc Hirsch\/Rind \u20ac 47,50<\/p>\n<p style=\"text-align: center;\">Die Auswahl der Hauptgerichte erbitten wir mit der Reservierung<\/p>\n<p style=\"text-align: center;\">\n<p style=\"text-align: center;\"><strong><span style=\"color: #89133a;\">Unser VEGETARISCHES Men\u00fc<\/span><\/strong><\/p>\n<p style=\"text-align: center;\"><strong>Torta salata<\/strong> <br \/>mit getrockneten Tomaten <br \/>an ger\u00e4ucherter Paprika und kleinem Gem\u00fcsesalat<\/p>\n<p style=\"text-align: center;\">***<\/p>\n<p style=\"text-align: center;\">in Anlehnung an die traditionelle K\u00fcche Norditaliens<br \/>servieren wir:<br \/><strong>Raviolo in Brodo<\/strong><br \/>gef\u00fcllter Ravioli in herzhafter Gem\u00fcsebr\u00fche<\/p>\n<p style=\"text-align: center;\">***<\/p>\n<p style=\"text-align: center;\"><strong>Gezupftes Zitronenh\u00fchnchen (pflanzlich)<\/strong> <br \/>mit Feta, Oliven, getrockneten Tomaten und Salzzitrone<br \/>in Paprika-Mascarponesauce<br \/>dazu servieren wir :<br \/><strong>Pitta di Patate<\/strong> <br \/>ein traditionelles Ofengericht aus Apulien<br \/>Zwischen w\u00fcrzigem Kartoffelbrei mit einer knusprigen Kruste<br \/>versteckt sich eine herzhafte Gem\u00fcsef\u00fcllung<\/p>\n<p style=\"text-align: center;\">***<\/p>\n<p style=\"text-align: center;\"><strong>Crespelle mit Apfelf\u00fcllung<\/strong> <br \/>an schmelzigem Vanilleparfait und Orangenmousse<\/p>\n<p style=\"text-align: center;\">\n<p style=\"text-align: center;\">Men\u00fc Vegetarisch 44,00<\/p>\n<p style=\"text-align: center;\"><span style=\"color: #000000;\"><\/span><\/p>\n<p style=\"text-align: center;\"><span style=\"color: #000000;\"><strong>Reservierung notwendig<br \/>unter\u00a0 Telefon 05731 3001560<\/strong><\/span><span style=\"font-size: large;\"><span style=\"color: #000000;\"><\/span> <\/span><\/p>\n<p style=\"text-align: center;\">\n<p><span style=\"font-size: x-large;\"><\/span><\/p>\n<p style=\"text-align: center;\">\n<p style=\"text-align: center;\">\n<h4 style=\"text-align: center;\"><\/h4>\n<h3 style=\"text-align: center;\"><\/h3>\n<p>&nbsp;<\/p>\n<p>[\/et_pb_text][\/et_pb_column][\/et_pb_row][\/et_pb_section][et_pb_section fb_built=&#8220;1&#8243; disabled_on=&#8220;on|on|on&#8220; module_id=&#8220;saison&#8220; _builder_version=&#8220;4.27.2&#8243; _module_preset=&#8220;default&#8220; background_color=&#8220;#FFFFFF&#8220; custom_margin=&#8220;37px|||||&#8220; custom_padding=&#8220;54px|||||&#8220; disabled=&#8220;on&#8220; global_colors_info=&#8220;{}&#8220;][et_pb_row use_custom_gutter=&#8220;on&#8220; gutter_width=&#8220;1&#8243; disabled_on=&#8220;off|off|off&#8220; module_id=&#8220;restaurant&#8220; _builder_version=&#8220;4.16&#8243; _module_preset=&#8220;default&#8220; background_enable_image=&#8220;off&#8220; max_width=&#8220;1440px&#8220; custom_margin=&#8220;2px|auto||auto||&#8220; custom_padding=&#8220;0px||0px||false|false&#8220; animation_style=&#8220;fade&#8220; box_shadow_style=&#8220;preset1&#8243; global_colors_info=&#8220;{}&#8220;][et_pb_column type=&#8220;4_4&#8243; _builder_version=&#8220;4.16&#8243; _module_preset=&#8220;default&#8220; global_colors_info=&#8220;{}&#8220;][et_pb_text disabled_on=&#8220;off|off|off&#8220; module_id=&#8220;Speisenkarte&#8220; _builder_version=&#8220;4.16&#8243; _module_preset=&#8220;default&#8220; text_font=&#8220;EB Garamond|600|||||||&#8220; text_text_color=&#8220;#000000&#8243; text_font_size=&#8220;16px&#8220; header_font=&#8220;EB Garamond|700|||||||&#8220; header_text_color=&#8220;#7b022f&#8220; header_font_size=&#8220;45px&#8220; header_3_font=&#8220;EB Garamond|600|||||||&#8220; header_3_text_color=&#8220;#7b022f&#8220; background_color=&#8220;#FFFFFF&#8220; global_colors_info=&#8220;{}&#8220;]<\/p>\n<p style=\"text-align: center;\"><strong><\/strong><\/p>\n<h1 style=\"text-align: center;\"><\/h1>\n<h1 style=\"text-align: center;\"><\/h1>\n<h1 style=\"text-align: center;\"><\/h1>\n<p style=\"text-align: center;\">\n<p style=\"text-align: center;\"><strong><span style=\"color: #681608; font-size: x-large;\">\u00a0 \u00a0<br \/>Weihnachten 2025<br \/>f\u00fcr zu Hause<\/span><\/strong><\/p>\n<p style=\"text-align: center;\"><strong>Abholung am Heilig Abend\u00a0<br \/>zwischen 11.00 &#8211; 13.00 Uhr<\/strong><\/p>\n<p style=\"text-align: center;\">Wie auch in den vergangenen Jahren sind die Speisen <br \/>vakuumiert f\u00fcrs Wasserbad, bzw. die Beilage wird im Ofen erhitzt.<br \/>Das Dessert ist im Glas angerichtet.<\/p>\n<p style=\"text-align: center;\">\n<p style=\"text-align: center;\"><span style=\"color: #720c0a;\">___________<\/span><\/p>\n<p>&nbsp;<\/p>\n<p style=\"text-align: center;\"><strong><span style=\"color: #681608; font-size: x-large;\">Unsere Men\u00fcs<\/span><\/strong><\/p>\n<p style=\"text-align: center;\"><strong>Feine Bohnencremesuppe<\/strong><br \/>mit ger\u00e4ucherter Ente<\/p>\n<p style=\"text-align: center;\"><span style=\"font-size: large;\"><strong><\/strong><\/span><\/p>\n<p style=\"text-align: center;\">***<\/p>\n<p style=\"text-align: center;\">Hauptgerichte zur Wahl:<\/p>\n<p style=\"text-align: center;\"><strong>Geschmorte Keule von der Barberie-Ente<\/strong><br \/>in einer kr\u00e4ftigen Sauce <br \/>abgeschmeckt mit Orange, Sternarnis und Zimt<\/p>\n<p style=\"text-align: center;\">oder<\/p>\n<p style=\"text-align: center;\"><strong>Kaninchenkeule<\/strong><br \/>mit Aprikose, Walnu\u00df und frischen Kr\u00e4utern<br \/>auf Paprika-Mascarponesauce<\/p>\n<p style=\"text-align: center;\">oder<\/p>\n<p style=\"text-align: center;\"><strong>Sizilianische Rinderbrust vom US Beef<\/strong><br \/>auf dem Kr\u00e4uterbett in 48 Stunden sanft gegart<br \/>und in einer herzhaften, dunklen Sauce<br \/>mit Oliven, Salzzitrone und Tomaten serviert<\/p>\n<p style=\"text-align: center;\">oder<\/p>\n<p style=\"text-align: center;\"><strong>Brasato vom Hirsch<\/strong> <br \/>Brasato wird klassischer Weise mehrere Tage in Valpolicella eingelgt, <br \/>au\u00dferdem geben wir Zimt, Piment, Wacholder, Apfel und Orange hinzu.<br \/>Serviert wird der geschmorte Hirschkalbsbraten mit kr\u00e4ftiger dunkler Rotweinsauce<\/p>\n<p style=\"text-align: center;\">zu allen Gerichten servieren wir :<br \/><strong>Pitta di Patate<\/strong> <br \/>ein traditionelles Ofengericht aus Apulien<br \/>Zwischen w\u00fcrzigem Kartoffelbrei mit einer knusprigen Kruste<br \/>versteckt sich eine herzhafte Gem\u00fcsef\u00fcllung<\/p>\n<p style=\"text-align: center;\">***<\/p>\n<p style=\"text-align: center;\"><strong>Weihnachts-TiramiSu<\/strong><br \/>Klassische Mousse und dazwischen <br \/>dunkler hausgebackener Biskuit mit einem Hauch Zimt<br \/>auf Amarettokirschen<\/p>\n<p style=\"text-align: center;\">Men\u00fc Kaninchen\/Ente \u20ac 37,00<br \/>Men\u00fc Hirsch\/Rind \u20ac 40,50<\/p>\n<p style=\"text-align: center;\">\n<p style=\"text-align: center;\">\n<p style=\"text-align: center;\"><strong><span style=\"color: #77101e;\">Unser VEGETARISCHES Men\u00fc<\/span><\/strong><\/p>\n<p style=\"text-align: center;\"><strong>Feine Bohnencremesuppe<\/strong><br \/>mit ger\u00e4ucherter Paprika<\/p>\n<p style=\"text-align: center;\">***<\/p>\n<p style=\"text-align: center;\"><strong>Gezupftes Zitronenh\u00fchnchen (pflanzlich)<\/strong> <br \/>mit Feta, Oliven, getrockneten Tomaten und Salzzitrone<br \/>in Paprika-Mascarponesauce<br \/>dazu servieren wir :<br \/><strong>Pitta di Patate<\/strong> <br \/>ein traditionelles Ofengericht aus Apulien<br \/>Zwischen w\u00fcrzigem Kartoffelbrei mit einer knusprigen Kruste<br \/>versteckt sich eine herzhafte Gem\u00fcsef\u00fcllung<\/p>\n<p style=\"text-align: center;\">***<\/p>\n<p style=\"text-align: center;\"><strong>Weihnachts-TiramiSu<\/strong><br \/>Klassische Mousse und dazwischen <br \/>dunkler hausgebackener Biskuit mit einem Hauch Zimt<br \/>auf Amarettokirschen<\/p>\n<p style=\"text-align: center;\">\n<p style=\"text-align: center;\">Men\u00fc vegetarisch \u20ac 36,00<\/p>\n<p><strong><\/strong><\/p>\n<p style=\"text-align: center;\">\n<p style=\"text-align: center;\">\n<p style=\"text-align: center;\">\n<p style=\"text-align: center;\">\n<p>[\/et_pb_text][\/et_pb_column][\/et_pb_row][\/et_pb_section][et_pb_section fb_built=&#8220;1&#8243; disabled_on=&#8220;off|off|off&#8220; module_id=&#8220;ostern&#8220; _builder_version=&#8220;4.27.5&#8243; _module_preset=&#8220;default&#8220; background_color=&#8220;#FFFFFF&#8220; custom_margin=&#8220;37px|||||&#8220; custom_padding=&#8220;41px|||||&#8220; hover_enabled=&#8220;0&#8243; global_colors_info=&#8220;{}&#8220; sticky_enabled=&#8220;0&#8243;][et_pb_row use_custom_gutter=&#8220;on&#8220; gutter_width=&#8220;1&#8243; disabled_on=&#8220;off|off|off&#8220; module_id=&#8220;restaurant&#8220; _builder_version=&#8220;4.16&#8243; _module_preset=&#8220;default&#8220; background_enable_image=&#8220;off&#8220; max_width=&#8220;1440px&#8220; custom_margin=&#8220;2px|auto||auto||&#8220; custom_padding=&#8220;0px||0px||false|false&#8220; animation_style=&#8220;fade&#8220; box_shadow_style=&#8220;preset1&#8243; global_colors_info=&#8220;{}&#8220;][et_pb_column type=&#8220;4_4&#8243; _builder_version=&#8220;4.16&#8243; _module_preset=&#8220;default&#8220; global_colors_info=&#8220;{}&#8220;][et_pb_text disabled_on=&#8220;off|off|off&#8220; module_id=&#8220;Speisenkarte&#8220; _builder_version=&#8220;4.16&#8243; _module_preset=&#8220;default&#8220; text_font=&#8220;EB Garamond|600|||||||&#8220; text_text_color=&#8220;#000000&#8243; text_font_size=&#8220;16px&#8220; header_font=&#8220;EB Garamond|700|||||||&#8220; header_text_color=&#8220;#7b022f&#8220; header_font_size=&#8220;45px&#8220; header_3_font=&#8220;EB Garamond|600|||||||&#8220; header_3_text_color=&#8220;#7b022f&#8220; background_color=&#8220;#FFFFFF&#8220; global_colors_info=&#8220;{}&#8220;]<\/p>\n<p style=\"text-align: center;\"><strong><\/strong><\/p>\n<h1 style=\"text-align: center;\"><\/h1>\n<h1 style=\"text-align: center;\"><\/h1>\n<h1 style=\"text-align: center;\">\u00a0Muttertag<\/h1>\n<p style=\"text-align: center;\">\n<p style=\"text-align: center;\">\n<p style=\"text-align: center;\">Wir lieben Pasta und noch mehr wenn Sie mit leckeren Saucen und der entsprechenden Hardware kombiniert wird.<br \/>Darum verw\u00f6hnen wir Euch am Muttertag mit wunderbaren Pastagerichten<\/p>\n<p style=\"text-align: center;\">\n<p style=\"text-align: center;\">\n<p style=\"text-align: center;\"><span style=\"font-size: x-large;\">Muttertag\u00a0 10.05.26<\/span><span style=\"font-size: x-large;\">\u00a0<\/span><br \/><span style=\"font-size: x-large;\">mittags 12.00 Uhr und abends 18.30 Uhr <\/span><\/p>\n<p style=\"text-align: center;\"><span style=\"font-size: x-large;\">&#8222;Pasta-Genuss&#8220;<\/span><\/p>\n<p style=\"text-align: center;\"><span style=\"font-size: large;\"><strong><\/strong><\/span><\/p>\n<p style=\"text-align: center;\"><span style=\"font-size: large;\"><strong>Salat Lasagne<\/strong><\/span><br \/><span style=\"font-size: large;\">Nudelbl\u00e4tter, Rukola, Tomate, gegrillte Zucchini und Burrata<\/span><br \/><span style=\"font-size: large;\">mariniert mit Balsamico, Oliven\u00f6l und Zitrone<\/span><\/p>\n<p style=\"text-align: center;\">\n<p style=\"text-align: center;\">***<\/p>\n<p style=\"text-align: center;\"><span style=\"font-size: large;\">Hauptgerichte zur Wahl<\/span><\/p>\n<p style=\"text-align: center;\"><span style=\"font-size: large;\"><strong>Neapolitanische Pasta alla Genovese<\/strong> \u2013 ein Sonntagsessen<\/span><br \/><span style=\"font-size: large;\">Langsam geschmortes Rindfleisch und viel, viel Zwiebeln<\/span><br \/><span style=\"font-size: large;\">ergeben<strong> zartes Rindfleisch<\/strong> in einer cremigen Zwiebelsauce<\/span><br \/><span style=\"font-size: large;\">auf Ziti Tagliati<\/span><\/p>\n<p style=\"text-align: center;\"><span style=\"font-size: large;\">oder<\/span><\/p>\n<p style=\"text-align: center;\"><span style=\"font-size: large;\"><strong>Marry Me (nocheinmal) Pasta<\/strong> <\/span><br \/><span style=\"font-size: large;\">Pasta in cremiger Sauce mit Knoblauch, K\u00e4se, getrockneter Tomate und Kr\u00e4utern<\/span><br \/><span style=\"font-size: large;\">und on top knusprig<strong> gebackene Maish\u00fchnchenfilets<\/strong><\/span><\/p>\n<p style=\"text-align: center;\"><span style=\"font-size: large;\">oder<\/span><\/p>\n<p style=\"text-align: center;\"><span style=\"font-size: large;\"><strong>S\u00fcdtiroler Pasta alla Castellana<\/strong><\/span><br \/><span style=\"font-size: large;\">Speck und Steinchampignons in feiner Sahnesauce<\/span><br \/><span style=\"font-size: large;\">mit <strong>Schweinefilettranchen<\/strong><\/span><br \/><span style=\"font-size: large;\">auf Collezione Castellane<\/span><\/p>\n<p style=\"text-align: center;\"><span style=\"font-size: large;\">oder<\/span><\/p>\n<p style=\"text-align: center;\"><span style=\"font-size: large;\"><strong>Muschelnudeln gef\u00fcllt mit buntem Gem\u00fcse und VEGI Hack<\/strong><\/span><br \/><span style=\"font-size: large;\">auf geschmolzenen Tomaten<\/span><br \/><span style=\"font-size: large;\">im Ofen mit Mozzarella \u00fcberbacken<\/span><\/p>\n<p style=\"text-align: center;\"><span style=\"font-size: large;\">***<\/span><\/p>\n<p style=\"text-align: center;\"><span style=\"font-size: large;\"><strong>Vanilleparfait, frische Erdbeeren und Butter-Mandelgeb\u00e4ck<\/strong><\/span><\/p>\n<p style=\"text-align: center;\">\n<p style=\"text-align: center;\">\n<p style=\"text-align: center;\">3-Gang Men\u00fc pro Person \u20ac 35,00<\/p>\n<p style=\"text-align: center;\"><span style=\"font-size: large;\">Telefonische Reservierung notwendig<\/span><br \/><span style=\"font-size: large;\">Eure Auswahl des Hauptgerichtes erbitten wir mit der Reservierung<\/span><\/p>\n<p style=\"text-align: center;\">\n<p style=\"text-align: center;\">\n<p style=\"text-align: center;\">\n<p style=\"text-align: center;\">\n<p style=\"text-align: center;\">\n<p style=\"text-align: center;\">\n<p style=\"text-align: center;\">\n<p style=\"text-align: center;\">\n<p style=\"text-align: center;\">\n<p>[\/et_pb_text][\/et_pb_column][\/et_pb_row][\/et_pb_section][et_pb_section fb_built=&#8220;1&#8243; disabled_on=&#8220;on|on|on&#8220; module_id=&#8220;valentin&#8220; _builder_version=&#8220;4.27.5&#8243; _module_preset=&#8220;default&#8220; background_color=&#8220;#FFFFFF&#8220; custom_margin=&#8220;37px|||||&#8220; custom_padding=&#8220;54px|||||&#8220; disabled=&#8220;on&#8220; global_colors_info=&#8220;{}&#8220;][et_pb_row use_custom_gutter=&#8220;on&#8220; gutter_width=&#8220;1&#8243; disabled_on=&#8220;off|off|off&#8220; module_id=&#8220;restaurant&#8220; _builder_version=&#8220;4.16&#8243; _module_preset=&#8220;default&#8220; background_enable_image=&#8220;off&#8220; max_width=&#8220;1440px&#8220; custom_margin=&#8220;2px|auto||auto||&#8220; custom_padding=&#8220;0px||0px||false|false&#8220; animation_style=&#8220;fade&#8220; box_shadow_style=&#8220;preset1&#8243; global_colors_info=&#8220;{}&#8220;][et_pb_column type=&#8220;4_4&#8243; _builder_version=&#8220;4.16&#8243; _module_preset=&#8220;default&#8220; global_colors_info=&#8220;{}&#8220;][et_pb_text disabled_on=&#8220;off|off|off&#8220; module_id=&#8220;Speisenkarte&#8220; _builder_version=&#8220;4.16&#8243; _module_preset=&#8220;default&#8220; text_font=&#8220;EB Garamond|600|||||||&#8220; text_text_color=&#8220;#000000&#8243; text_font_size=&#8220;16px&#8220; header_font=&#8220;EB Garamond|700|||||||&#8220; header_text_color=&#8220;#7b022f&#8220; header_font_size=&#8220;45px&#8220; header_3_font=&#8220;EB Garamond|600|||||||&#8220; header_3_text_color=&#8220;#7b022f&#8220; background_color=&#8220;#FFFFFF&#8220; global_colors_info=&#8220;{}&#8220;]<\/p>\n<p style=\"text-align: center;\"><strong><\/strong><\/p>\n<h1 style=\"text-align: center;\"><\/h1>\n<h1 style=\"text-align: center;\"><\/h1>\n<h1 style=\"text-align: center;\"><\/h1>\n<p style=\"text-align: center;\">\n<p style=\"text-align: center;\"><span style=\"font-size: x-large; color: #751027;\"><strong>Valentin 2026<\/strong><\/span><\/p>\n<p style=\"text-align: center;\">\u00a0Am Valentinsabend verw\u00f6hnen wir Euch mit einem 4-G\u00e4nge-Men\u00fc unter dem Motto: &#8222;Ganz Paris tr\u00e4umt von der Liebe&#8220;<br \/>Ob der Besuch des Eifelturm, ein stiller Moment in Notre-Dame, bummeln durch den Louvre oder die Show im Moulin Rouge bewundern.<br \/>Oder einfach das Treiben auf den Stra\u00dfen aus einem kleinen Restaurant heraus beobachten und<br \/>die wunderbare K\u00fcche Frankreichs mit einander genie\u00dfen.<\/p>\n<p style=\"text-align: center;\">\n<p style=\"text-align: center;\"><span style=\"font-size: large;\">VALENTINS-MEN\u00dc\u00a0<\/span><br \/><span style=\"font-size: large;\">Samstag 14.02.2026\u00a0 18.30 Uhr<\/span><\/p>\n<p style=\"text-align: center;\">\n<p style=\"text-align: center;\"><span style=\"font-size: large;\"><strong>Salat Nicoise 2.0<\/strong><\/span><br \/><span style=\"font-size: large;\">mit frischem Thunfisch<\/span><\/p>\n<p style=\"text-align: center;\"><span style=\"font-size: large;\">***<\/span><\/p>\n<p style=\"text-align: center;\"><span style=\"font-size: large;\"><strong>Consomme Royal<\/strong><\/span><br \/><span style=\"font-size: large;\">wunderbar w\u00e4rmende klare Rinderkraftbr\u00fche <\/span><br \/><span style=\"font-size: large;\">mit zartschmelzendem Eierstich<\/span><\/p>\n<p style=\"text-align: center;\"><span style=\"font-size: large;\">***<\/span><\/p>\n<p style=\"text-align: center;\"><span style=\"font-size: large;\"><strong>Cordon bleu \u00e0 base de filet mignon de porc<\/strong><\/span><br \/><span style=\"font-size: large;\">Knusprig paniertes Schweinefilet <\/span><br \/><span style=\"font-size: large;\">gef\u00fcllt mit jambon de paris, Commte und airelle rouge<\/span><br \/><span style=\"font-size: large;\">an feiner Lauchsauce<\/span><\/p>\n<p style=\"text-align: center;\"><span style=\"font-size: large;\">oder<\/span><\/p>\n<p style=\"text-align: center;\"><span style=\"font-size: large;\"><strong>Gebratene Maish\u00fchnchenbrust supreme<\/strong> <\/span><br \/><span style=\"font-size: large;\">gef\u00fcllt mit gekr\u00e4uterten \u00c4pfeln<\/span><br \/><span style=\"font-size: large;\">auf einer cremigen Sauce<\/span><br \/><span style=\"font-size: large;\">mit einem Hauch von Senf, Estragon und Pernod<\/span><\/p>\n<p style=\"text-align: center;\"><span style=\"font-size: large;\">oder<\/span><\/p>\n<p style=\"text-align: center;\"><span style=\"font-size: large;\"><strong>Boeuf bourguignon von der Rinderbacke<\/strong><\/span><br \/><span style=\"font-size: large;\">butterzart geschmort in kr\u00e4ftiger Rotweinsauce<\/span><br \/><span style=\"font-size: large;\">mit Perlzwiebeln, Speck und Champignons<\/span><\/p>\n<p style=\"text-align: center;\"><span style=\"font-size: large;\">dazu reichen wir Pommes \u00e0 la dauphine und buntes Buttergem\u00fcse<\/span><\/p>\n<p style=\"text-align: center;\"><span style=\"font-size: large;\">***<\/span><\/p>\n<p style=\"text-align: center;\"><span style=\"font-size: large;\"><strong>Kleine Dessertvariation<\/strong><\/span><br \/><span style=\"font-size: large;\">von Vanilleparfait, Creme Brulee und Eclaire mit Schokoladenmousse gef\u00fcllt<\/span><\/p>\n<p style=\"text-align: center;\">\n<p style=\"text-align: center;\">\n<p style=\"text-align: center;\">\n<p style=\"text-align: center;\">4-Gang Men\u00fc Cordon bleu \u20ac 54,00<br \/>4-Gang Men\u00fc Maish\u00fchnchenbrust \u20ac 56,00<br \/>4-Gang Men\u00fc Boueff bourgingon von der Ochsenbacke \u20ac 58,00<\/p>\n<p style=\"text-align: center;\"><strong><span style=\"font-size: large;\">Gern servieren wir auch ein vegetarisches Men\u00fc. Bitte kontaktiert uns einfach.<\/span><\/strong><\/p>\n<p style=\"text-align: center;\">\n<p style=\"text-align: center;\">\n<p style=\"text-align: center;\"><span style=\"font-size: large;\">Telefonische Reservierung notwendig<\/span><br \/><span style=\"font-size: large;\">Eure Auswahl des Hauptgerichtes erbitten wir mit der Reservierung<\/span><\/p>\n<p style=\"text-align: center;\">\n<p><strong><\/strong><\/p>\n<p style=\"text-align: center;\">\n<p style=\"text-align: center;\">\n<p style=\"text-align: center;\">\n<p style=\"text-align: center;\">\n<p>[\/et_pb_text][\/et_pb_column][\/et_pb_row][\/et_pb_section][et_pb_section fb_built=&#8220;1&#8243; disabled_on=&#8220;on|on|on&#8220; module_id=&#8220;wshop&#8220; _builder_version=&#8220;4.27.2&#8243; _module_preset=&#8220;default&#8220; custom_padding=&#8220;24px|||||&#8220; disabled=&#8220;on&#8220; global_colors_info=&#8220;{}&#8220;][et_pb_row use_custom_gutter=&#8220;on&#8220; gutter_width=&#8220;1&#8243; module_id=&#8220;restaurant&#8220; _builder_version=&#8220;4.27.2&#8243; _module_preset=&#8220;default&#8220; background_enable_image=&#8220;off&#8220; background_enable_mask_style=&#8220;on&#8220; background_mask_style=&#8220;triangles&#8220; background_mask_transform=&#8220;flip_horizontal&#8220; max_width=&#8220;1440px&#8220; custom_padding=&#8220;0px||0px||false|false&#8220; animation_style=&#8220;fade&#8220; box_shadow_style=&#8220;preset1&#8243; global_colors_info=&#8220;{}&#8220;][et_pb_column type=&#8220;4_4&#8243; _builder_version=&#8220;4.16&#8243; _module_preset=&#8220;default&#8220; global_colors_info=&#8220;{}&#8220;][et_pb_text disabled_on=&#8220;off|off|off&#8220; module_id=&#8220;Speisenkarte&#8220; _builder_version=&#8220;4.16&#8243; _module_preset=&#8220;default&#8220; text_font=&#8220;EB Garamond|600|||||||&#8220; text_text_color=&#8220;#000000&#8243; text_font_size=&#8220;16px&#8220; header_font=&#8220;EB Garamond|700|||||||&#8220; header_text_color=&#8220;#7b022f&#8220; header_font_size=&#8220;45px&#8220; inline_fonts=&#8220;Verdana&#8220; global_colors_info=&#8220;{}&#8220;]<\/p>\n<p style=\"text-align: center;\"><strong><\/strong><\/p>\n<h1 style=\"text-align: center;\"><\/h1>\n<h1 style=\"text-align: center;\"><\/h1>\n<h1 style=\"text-align: center;\"><\/h1>\n<h1 style=\"text-align: center;\"><\/h1>\n<h1 style=\"text-align: center;\"><\/h1>\n<h1 style=\"text-align: center;\"><\/h1>\n<p>&nbsp;<\/p>\n<h2 style=\"text-align: center;\"><span style=\"color: #720000;\"><strong>Unser n\u00e4chstes Sonntags-Men\u00fc<\/strong><\/span><br \/><span style=\"color: #720000;\"><strong>23.02.25 &#8222;Wahl-Sonntag&#8220;<\/strong><\/span><br \/><span style=\"color: #720000;\"><strong>mittags 12.00 Uhr<\/strong><\/span><br \/><span style=\"color: #720000;\"><strong>\u00a0abends 18.30 Uhr<\/strong><\/span>\u00a0<\/h2>\n<p>&nbsp;<\/p>\n<p style=\"text-align: center;\">\n<p style=\"text-align: center;\"><span style=\"font-size: x-large;\">Cremige Maissuppe pikant w\u00fcrzig<\/span><br \/><span style=\"font-size: x-large;\">mit ger\u00e4ucherter Ente<\/span><\/p>\n<p style=\"text-align: center;\"><span style=\"font-size: x-large;\">***<\/span><br \/><span style=\"font-size: x-large;\">Und Ihr habt die Wahl:<\/span><\/p>\n<p style=\"text-align: center;\"><span style=\"font-size: x-large;\">\u201eBeef Brisket\u201c <\/span><br \/><span style=\"font-size: x-large;\">Zarte Rinderbrust vom US-Prime beef aus dem Smoker<\/span><br \/><span style=\"font-size: x-large;\">an Kartoffelstampf mit geschmorten Zwiebeln und Chorizo<\/span><br \/><span style=\"font-size: x-large;\">und Texas-Bohnen<\/span><\/p>\n<p style=\"text-align: center;\"><span style=\"font-size: x-large;\">oder<\/span><\/p>\n<p style=\"text-align: center;\"><span style=\"font-size: x-large;\">Zarte Ochsenbacke aus dem BBQ-Smoker<\/span><br \/><span style=\"font-size: x-large;\">mit\u00a0 Chili-Zwiebeln<\/span><br \/><span style=\"font-size: x-large;\">an Kartoffelstampf mit geschmorten Zwiebeln und Chorizo<\/span><br \/><span style=\"font-size: x-large;\">und Texas-Bohnen<\/span><\/p>\n<p style=\"text-align: center;\"><span style=\"font-size: x-large;\">oder<\/span><\/p>\n<p style=\"text-align: center;\"><span style=\"font-size: x-large;\">BBQ H\u00fchnchen aus dem Smoker<\/span><br \/><span style=\"font-size: x-large;\">in fruchtiger BBQ-Sauce mit frischer Mango, Chili und Kr\u00e4utern<\/span><br \/><span style=\"font-size: x-large;\">an Kartoffelstampf mit geschmorten Zwiebeln und Chorizo<\/span><br \/><span style=\"font-size: x-large;\">und Texas-Bohnen<\/span><\/p>\n<p style=\"text-align: center;\"><span style=\"font-size: x-large;\">***<\/span><\/p>\n<p style=\"text-align: center;\"><span style=\"font-size: x-large;\">Cr\u00e8me br\u00fbl\u00e9e<\/span><\/p>\n<p style=\"text-align: center;\"><span style=\"font-size: x-large;\"><\/span><\/p>\n<p style=\"text-align: center;\"><span style=\"font-size: x-large;\">3 Gang-Men\u00fc Rinderbrust pro Person\u00a0\u00a0\u00a0\u00a0 \u20ac 37\u00a0 <\/span><br \/><span style=\"font-size: x-large;\">3 Gang-Men\u00fc Ochsenbacke pro Person \u00a0\u00a0 \u20ac 35 <\/span><br \/><span style=\"font-size: x-large;\">3 Gang-Men\u00fc H\u00fchnhen pro Person\u00a0\u00a0\u00a0\u00a0\u00a0\u00a0\u00a0\u00a0 \u20ac 33<br \/><\/span><br \/><span style=\"font-size: x-large;\">Telefonische Reservierung notwendig<\/span><\/p>\n<h2 style=\"text-align: center;\"><strong>\u00a0<\/strong><\/h2>\n<p style=\"text-align: center;\">\u00a0____________________________________________________________<\/p>\n<p style=\"text-align: center;\"><span style=\"font-size: x-large;\"><strong>Wir h\u00e4tten Appetit auf Fleisch!<\/strong><\/span><br \/><span style=\"font-size: x-large;\"><strong>Ihr vielleicht auch?<\/strong><\/span><\/p>\n<h2 style=\"text-align: center;\"><\/h2>\n<h2 style=\"text-align: center;\"><\/h2>\n<p style=\"text-align: center;\">\n<p style=\"text-align: center;\">\n<h2 style=\"text-align: center;\"><span style=\"color: #720000;\"><strong>Fleisch ist unser Gem\u00fcse&#8220;<\/strong><\/span><br \/><span style=\"color: #720000;\"><strong>Samstag, den 01.03.25<\/strong><\/span><br \/><span style=\"color: #720000;\"><strong>18.30 Uhr<\/strong><\/span><\/h2>\n<p style=\"text-align: center;\"><span style=\"font-size: x-large;\">Wir starten mit einem Ros\u00e9 Rye-Aperitif <\/span><br \/><span style=\"font-size: x-large;\">und <\/span><br \/><span style=\"font-size: x-large;\">servieren im Hauptgang <\/span><br \/><span style=\"font-size: x-large;\">Australisches Roastbeef, Mais gef\u00fcttert, marmoriert <\/span><br \/><span style=\"font-size: x-large;\">und wunderbar aromatisch, <\/span><br \/><span style=\"font-size: x-large;\">wie wir finden wirklich ein Genuss. <\/span><br \/><span style=\"font-size: x-large;\">Wir lieben diesen Fleisch-Geschmack.<\/span><\/p>\n<p style=\"text-align: center;\"><span style=\"font-size: x-large;\">Men\u00fc:<\/span><\/p>\n<p style=\"text-align: center;\"><span style=\"font-size: x-large;\">Gebratene B\u00e4ckchen vom iberischen Schwein<\/span><br \/><span style=\"font-size: x-large;\">an spanischem Kartoffel-Salat mit Tomate, Gurke, <\/span><br \/><span style=\"font-size: x-large;\">gr\u00fcnen Bohnen, Oliven, Chorizo und frischem Basilikum<\/span><\/p>\n<p style=\"text-align: center;\"><span style=\"font-size: x-large;\">***<\/span><\/p>\n<p style=\"text-align: center;\"><span style=\"font-size: x-large;\">Beef Tea<\/span><br \/><span style=\"font-size: x-large;\">und knusprige Teigtasche <\/span><br \/><span style=\"font-size: x-large;\">mit gezupten Rindfleisch<\/span><\/p>\n<p style=\"text-align: center;\"><span style=\"font-size: x-large;\">***<\/span><\/p>\n<p style=\"text-align: center;\"><span style=\"font-size: x-large;\">Roastbeef vom Australischen Weiderind<\/span><br \/><span style=\"font-size: x-large;\">im ganzen gebraten<\/span><br \/><span style=\"font-size: x-large;\">dazu bunte Pfeffersaue<\/span><br \/><span style=\"font-size: x-large;\">und <\/span><br \/><span style=\"font-size: x-large;\">Loaded Potato mit K\u00e4se und Bacon <\/span><br \/><span style=\"font-size: x-large;\">auf herzhaften Bohnen<\/span><\/p>\n<p style=\"text-align: center;\"><span style=\"font-size: x-large;\">\u20ac 49,50<\/span><br \/><span style=\"font-size: x-large;\">Resevierung notwendig<\/span><\/p>\n<h3 style=\"text-align: center;\"><span style=\"color: #7b022f; font-size: x-large;\"><strong><\/strong><\/span><\/h3>\n<p style=\"text-align: center;\">\n<p style=\"text-align: center;\">\n<p style=\"text-align: center;\">\n<p style=\"text-align: center;\">\n<p style=\"text-align: center;\">\n<p>[\/et_pb_text][\/et_pb_column][\/et_pb_row][\/et_pb_section][et_pb_section fb_built=&#8220;1&#8243; fullwidth=&#8220;on&#8220; _builder_version=&#8220;4.18.0&#8243; _module_preset=&#8220;default&#8220; background_color=&#8220;#f9f7f8&#8243; global_colors_info=&#8220;{}&#8220;][et_pb_fullwidth_header title=&#8220;Reservierung &#8211; Kontakt&#8220; subhead=&#8220;_________________________________&#8220; text_orientation=&#8220;center&#8220; module_id=&#8220;reservierungen&#8220; _builder_version=&#8220;4.21.0&#8243; _module_preset=&#8220;default&#8220; title_font=&#8220;EB Garamond|600|||||||&#8220; title_text_color=&#8220;#7b022f&#8220; title_font_size=&#8220;45px&#8220; subhead_text_color=&#8220;#7b022f&#8220; subhead_font_size=&#8220;16px&#8220; background_color=&#8220;#f9f7f8&#8243; custom_margin=&#8220;16px|||||&#8220; custom_padding=&#8220;19px||0px|||&#8220; animation_style=&#8220;zoom&#8220; animation_duration=&#8220;1300ms&#8220; animation_delay=&#8220;750ms&#8220; animation_starting_opacity=&#8220;1%&#8220; title_font_size_tablet=&#8220;45px&#8220; title_font_size_phone=&#8220;35px&#8220; title_font_size_last_edited=&#8220;on|phone&#8220; global_colors_info=&#8220;{}&#8220;][\/et_pb_fullwidth_header][\/et_pb_section][et_pb_section fb_built=&#8220;1&#8243; _builder_version=&#8220;4.18.0&#8243; _module_preset=&#8220;default&#8220; background_color=&#8220;#f9f7f8&#8243; custom_padding=&#8220;25px|||||&#8220; global_colors_info=&#8220;{}&#8220;][et_pb_row column_structure=&#8220;1_3,1_3,1_3&#8243; use_custom_gutter=&#8220;on&#8220; gutter_width=&#8220;1&#8243; make_equal=&#8220;on&#8220; padding_top_bottom_link_1=&#8220;true&#8220; padding_top_bottom_link_2=&#8220;true&#8220; padding_left_right_link_1=&#8220;true&#8220; padding_left_right_link_2=&#8220;true&#8220; disabled_on=&#8220;off|off|off&#8220; _builder_version=&#8220;4.18.0&#8243; max_width=&#8220;1440px&#8220; module_alignment=&#8220;center&#8220; custom_padding=&#8220;0|0px|0|0px|false|false&#8220; custom_css_main_element=&#8220;flex-wrap: wrap;||&#8220; box_shadow_style=&#8220;preset1&#8243; use_custom_width=&#8220;on&#8220; custom_width_px=&#8220;1440px&#8220; global_colors_info=&#8220;{}&#8220;][et_pb_column type=&#8220;1_3&#8243; _builder_version=&#8220;4.16&#8243; background_color=&#8220;#FFFFFF&#8220; custom_padding=&#8220;40px|10px|40px|10px&#8220; global_colors_info=&#8220;{}&#8220; custom_padding__hover=&#8220;|||&#8220;][et_pb_text disabled_on=&#8220;off|off|off&#8220; module_id=&#8220;restaurant-contact&#8220; _builder_version=&#8220;4.16&#8243; header_font=&#8220;||||||||&#8220; header_4_font=&#8220;EB Garamond|700|||||||&#8220; header_4_text_align=&#8220;center&#8220; header_4_text_color=&#8220;#7b022f&#8220; header_4_font_size=&#8220;26px&#8220; header_4_line_height=&#8220;88px&#8220; background_enable_image=&#8220;off&#8220; background_layout=&#8220;dark&#8220; custom_padding=&#8220;18px||31px|||&#8220; global_colors_info=&#8220;{}&#8220;]<\/p>\n<p style=\"text-align: center;\"><img loading=\"lazy\" decoding=\"async\" src=\"https:\/\/www.busches-kochwerkstatt.de\/wp-content\/uploads\/2020\/11\/busches263.png\" width=\"263\" height=\"80\" alt=\"\" class=\"wp-image-8 alignnone size-full\" \/><\/p>\n<p>[\/et_pb_text][et_pb_text _builder_version=&#8220;4.16&#8243; text_font=&#8220;EB Garamond||||||||&#8220; text_text_color=&#8220;#7b022f&#8220; text_font_size=&#8220;18px&#8220; text_letter_spacing=&#8220;0.56px&#8220; text_orientation=&#8220;center&#8220; custom_margin=&#8220;||23px|||&#8220; custom_padding=&#8220;||&#8220; global_colors_info=&#8220;{}&#8220;]<\/p>\n<p><strong>Rehwinkel 22<\/strong><\/p>\n<p><strong>32457 Porta Westfalica<\/strong><\/p>\n<p>[\/et_pb_text][et_pb_text _builder_version=&#8220;4.16&#8243; text_font=&#8220;EB Garamond||||||||&#8220; text_text_color=&#8220;#7b022f&#8220; text_font_size=&#8220;18px&#8220; text_letter_spacing=&#8220;0.56px&#8220; text_orientation=&#8220;center&#8220; custom_padding=&#8220;||&#8220; global_colors_info=&#8220;{}&#8220;]<\/p>\n<p><strong>Telefon: 05731 300 1560<\/strong><\/p>\n<p><strong><a href=\"mailto:info@busches-kochwerkstatt.de\">E-Mail: info@busches-kochwerkstatt.de<\/a><\/strong><\/p>\n<p><strong><\/strong><\/p>\n<p><strong><\/strong><\/p>\n<p>[\/et_pb_text][et_pb_divider _builder_version=&#8220;4.16&#8243; _module_preset=&#8220;default&#8220; max_width=&#8220;50%&#8220; module_alignment=&#8220;center&#8220; custom_margin=&#8220;||8px|||&#8220; global_colors_info=&#8220;{}&#8220;][\/et_pb_divider][et_pb_social_media_follow _builder_version=&#8220;4.16&#8243; _module_preset=&#8220;default&#8220; text_orientation=&#8220;center&#8220; custom_padding=&#8220;9px|||||&#8220; global_colors_info=&#8220;{}&#8220;][et_pb_social_media_follow_network social_network=&#8220;facebook&#8220; url=&#8220;https:\/\/www.facebook.com\/Busches.Koch.Genusswerkstatt&#8220; _builder_version=&#8220;4.16&#8243; _module_preset=&#8220;default&#8220; background_color=&#8220;#3b5998&#8243; global_colors_info=&#8220;{}&#8220; follow_button=&#8220;off&#8220; url_new_window=&#8220;on&#8220;]facebook[\/et_pb_social_media_follow_network][\/et_pb_social_media_follow][\/et_pb_column][et_pb_column type=&#8220;1_3&#8243; _builder_version=&#8220;4.16&#8243; background_color=&#8220;#FFFFFF&#8220; background_image=&#8220;https:\/\/www.busches-kochwerkstatt.de\/wp-content\/uploads\/2022\/09\/Anfahrt.gif&#8220; background_size=&#8220;contain&#8220; custom_padding=&#8220;40px|10px|40px|10px|false|false&#8220; link_option_url=&#8220;https:\/\/www.google.com\/maps\/dir\/\/Rehwinkel+22,+32457+Porta+Westfalica\/@52.206046,8.881429,18z\/data=!4m9!4m8!1m0!1m5!1m1!1s0x47ba7204fbd01eb5:0xc7960a9d00a0f2ff!2m2!1d8.8814524!2d52.2060562!3e0&#8243; link_option_url_new_window=&#8220;on&#8220; custom_css_main_element=&#8220;display: flex;||justify-content: center;||align-items: center;||min-height: 521px;&#8220; global_colors_info=&#8220;{}&#8220; custom_padding__hover=&#8220;|||&#8220;][et_pb_map _builder_version=&#8220;4.16&#8243; _module_preset=&#8220;default&#8220; global_colors_info=&#8220;{}&#8220;][\/et_pb_map][et_pb_button button_url=&#8220;https:\/\/www.google.com\/maps\/dir\/\/Rehwinkel+22,+32457+Porta+Westfalica\/@52.206046,8.881429,18z\/data=!4m9!4m8!1m0!1m5!1m1!1s0x47ba7204fbd01eb5:0xc7960a9d00a0f2ff!2m2!1d8.8814524!2d52.2060562!3e0&#8243; url_new_window=&#8220;on&#8220; button_text=&#8220;Anfahrt&#8220; button_alignment=&#8220;center&#8220; _builder_version=&#8220;4.18.0&#8243; _module_preset=&#8220;default&#8220; custom_button=&#8220;on&#8220; button_text_size=&#8220;17px&#8220; button_bg_color=&#8220;#FFFFFF&#8220; button_border_width=&#8220;3px&#8220; button_letter_spacing=&#8220;2px&#8220; button_font=&#8220;EB Garamond|700|||||||&#8220; button_use_icon=&#8220;off&#8220; custom_margin=&#8220;286px||||false|false&#8220; global_colors_info=&#8220;{}&#8220; button_bg_color__hover=&#8220;#7b022f&#8220; button_bg_color__hover_enabled=&#8220;on|desktop&#8220; button_text_size__hover_enabled=&#8220;on|desktop&#8220; button_text_color__hover=&#8220;#FFFFFF&#8220; button_text_color__hover_enabled=&#8220;on|hover&#8220; button_border_color__hover=&#8220;#7b022f&#8220; button_border_color__hover_enabled=&#8220;on|hover&#8220; button_text_size__hover=&#8220;17px&#8220;][\/et_pb_button][\/et_pb_column][et_pb_column type=&#8220;1_3&#8243; _builder_version=&#8220;4.16&#8243; background_color=&#8220;#FFFFFF&#8220; custom_padding=&#8220;40px|10px|40px|10px&#8220; global_colors_info=&#8220;{}&#8220; custom_padding__hover=&#8220;|||&#8220;][et_pb_text module_id=&#8220;restaurant-contact&#8220; _builder_version=&#8220;4.16&#8243; header_font=&#8220;||||||||&#8220; header_4_font=&#8220;EB Garamond|700|||||||&#8220; header_4_text_align=&#8220;center&#8220; header_4_text_color=&#8220;#7b022f&#8220; header_4_font_size=&#8220;26px&#8220; header_4_line_height=&#8220;88px&#8220; background_layout=&#8220;dark&#8220; custom_padding=&#8220;||0px|||&#8220; global_colors_info=&#8220;{}&#8220;]<\/p>\n<h4>\u00d6ffnungszeiten<\/h4>\n<p>[\/et_pb_text][et_pb_text _builder_version=&#8220;4.16&#8243; text_font=&#8220;EB Garamond||||||||&#8220; text_text_color=&#8220;#7b022f&#8220; text_font_size=&#8220;18px&#8220; text_letter_spacing=&#8220;0.56px&#8220; text_orientation=&#8220;center&#8220; custom_margin=&#8220;||23px|||&#8220; custom_padding=&#8220;||&#8220; global_colors_info=&#8220;{}&#8220;]<\/p>\n<p><strong>Donnerstag, Freitag, Samstag<\/strong><\/p>\n<p><strong>ab 18:00 Uhr<\/strong><\/p>\n<p><strong>Sonntag<\/strong><\/p>\n<p><strong>12:00 &#8211; 14:00 Uhr und 18:00 &#8211; 21:00 Uhr<\/strong><\/p>\n<p>[\/et_pb_text][et_pb_divider _builder_version=&#8220;4.16&#8243; _module_preset=&#8220;default&#8220; max_width=&#8220;50%&#8220; module_alignment=&#8220;center&#8220; custom_margin=&#8220;||8px|||&#8220; global_colors_info=&#8220;{}&#8220;][\/et_pb_divider][et_pb_text _builder_version=&#8220;4.22.1&#8243; _module_preset=&#8220;default&#8220; text_font=&#8220;EB Garamond||||||||&#8220; text_text_color=&#8220;#7b022f&#8220; text_font_size=&#8220;18px&#8220; text_letter_spacing=&#8220;0.56px&#8220; text_orientation=&#8220;center&#8220; custom_margin=&#8220;||23px|||&#8220; custom_padding=&#8220;||&#8220; global_colors_info=&#8220;{}&#8220;]<\/p>\n<p><strong>\u00a0Telefonische Reservierung erforderlich!<\/strong><\/p>\n<p>[\/et_pb_text][et_pb_divider _builder_version=&#8220;4.16&#8243; _module_preset=&#8220;default&#8220; max_width=&#8220;50%&#8220; module_alignment=&#8220;center&#8220; custom_margin=&#8220;||8px|||&#8220; global_colors_info=&#8220;{}&#8220;][\/et_pb_divider][et_pb_text _builder_version=&#8220;4.16&#8243; _module_preset=&#8220;default&#8220; text_font=&#8220;EB Garamond||||||||&#8220; text_text_color=&#8220;#7b022f&#8220; text_font_size=&#8220;18px&#8220; text_letter_spacing=&#8220;0.56px&#8220; text_orientation=&#8220;center&#8220; custom_margin=&#8220;||23px|||&#8220; custom_padding=&#8220;||&#8220; global_colors_info=&#8220;{}&#8220;]<\/p>\n<p><strong>Wir akzeptieren Barzahlung!<\/strong><\/p>\n<p>[\/et_pb_text][\/et_pb_column][\/et_pb_row][\/et_pb_section]<\/p>\n","protected":false},"excerpt":{"rendered":"<p>Herzlich willkommen in Busche\u00b4s Koch- &amp; Genusswerkstatt Restaurant und Event-Location Seit mehr als 15 Jahren famili\u00e4re Gastlichkeit Restaurant Solides ehrliches Koch-Handwerk, bodenst\u00e4ndig mit Schwerpunkt auf saisonal frische K\u00fcche. Unsere Leidenschaft sind klassische Schmorgerichte mit kr\u00e4ftigen dunklen Saucen, die wir mit viel Liebe f\u00fcr Sie zubereiten. Auch, wenn wir uns der Tradition verpflichtet f\u00fchlen, sind wir [&hellip;]<\/p>\n","protected":false},"author":1,"featured_media":0,"parent":0,"menu_order":0,"comment_status":"closed","ping_status":"closed","template":"","meta":{"_et_pb_use_builder":"on","_et_pb_old_content":"","_et_gb_content_width":"","footnotes":""},"class_list":["post-10712","page","type-page","status-publish","hentry"],"_links":{"self":[{"href":"https:\/\/www.busches-kochwerkstatt.de\/index.php?rest_route=\/wp\/v2\/pages\/10712","targetHints":{"allow":["GET"]}}],"collection":[{"href":"https:\/\/www.busches-kochwerkstatt.de\/index.php?rest_route=\/wp\/v2\/pages"}],"about":[{"href":"https:\/\/www.busches-kochwerkstatt.de\/index.php?rest_route=\/wp\/v2\/types\/page"}],"author":[{"embeddable":true,"href":"https:\/\/www.busches-kochwerkstatt.de\/index.php?rest_route=\/wp\/v2\/users\/1"}],"replies":[{"embeddable":true,"href":"https:\/\/www.busches-kochwerkstatt.de\/index.php?rest_route=%2Fwp%2Fv2%2Fcomments&post=10712"}],"version-history":[{"count":890,"href":"https:\/\/www.busches-kochwerkstatt.de\/index.php?rest_route=\/wp\/v2\/pages\/10712\/revisions"}],"predecessor-version":[{"id":12622,"href":"https:\/\/www.busches-kochwerkstatt.de\/index.php?rest_route=\/wp\/v2\/pages\/10712\/revisions\/12622"}],"wp:attachment":[{"href":"https:\/\/www.busches-kochwerkstatt.de\/index.php?rest_route=%2Fwp%2Fv2%2Fmedia&parent=10712"}],"curies":[{"name":"wp","href":"https:\/\/api.w.org\/{rel}","templated":true}]}}